{"id":143,"date":"2026-04-25T12:02:05","date_gmt":"2026-04-25T12:02:05","guid":{"rendered":"https:\/\/ittihadiharp.org\/?page_id=143"},"modified":"2026-04-25T14:57:39","modified_gmt":"2026-04-25T14:57:39","slug":"kurumsal-yapimiz","status":"publish","type":"page","link":"https:\/\/ittihadiharp.org\/?page_id=143","title":{"rendered":"Kurumsal Yap\u0131m\u0131z"},"content":{"rendered":"\t\t<div data-elementor-type=\"wp-page\" data-elementor-id=\"143\" class=\"elementor elementor-143\">\n\t\t\t\t<div class=\"elementor-element elementor-element-33097f6 e-flex e-con-boxed e-con e-parent\" data-id=\"33097f6\" data-element_type=\"container\" data-e-type=\"container\">\n\t\t\t\t\t<div class=\"e-con-inner\">\n\t\t\t\t<div class=\"elementor-element elementor-element-52f0e5a elementor-widget elementor-widget-heading\" data-id=\"52f0e5a\" data-element_type=\"widget\" data-e-type=\"widget\" data-widget_type=\"heading.default\">\n\t\t\t\t\t<h2 class=\"elementor-heading-title elementor-size-default\">\u0130ttihad-\u0131 Harp Cemiyeti, k\u00f6klerini milletimizin tarih boyunca sergiledi\u011fi birlik, dayan\u0131\u015fma ve ortak m\u00fccadele ruhundan alan; milli \u015fuur, ahlak ve sorumluluk bilinciyle hareket eden bir te\u015fkilatlanma anlay\u0131\u015f\u0131n\u0131 temsil eder. Cemiyet, bireysel de\u011fil ortak akl\u0131 esas alan, disiplini ve d\u00fczeni \u00f6n planda tutan bir kurumsal yap\u0131 ile faaliyet g\u00f6stermeyi ama\u00e7lar.\n\nBu yap\u0131; g\u00fc\u00e7l\u00fc bir organizasyon sistemi, net g\u00f6rev tan\u0131mlar\u0131 ve s\u00fcrd\u00fcr\u00fclebilir bir y\u00f6netim anlay\u0131\u015f\u0131 \u00fczerine in\u015fa edilmi\u015ftir. Ama\u00e7, yaln\u0131zca bir topluluk olu\u015fturmak de\u011fil; ayn\u0131 hedefe inanan bireyleri belirli bir d\u00fczen ve ilke \u00e7er\u00e7evesinde bir araya getirerek uzun vadeli, sa\u011flam ve etkili bir kurumsal kimlik olu\u015fturmakt\u0131r.\n\n\u0130ttihad-\u0131 Harp Cemiyeti\u2019nin kurumsal yakla\u015f\u0131m\u0131; birlikten do\u011fan g\u00fcc\u00fc esas alan, milli de\u011ferleri merkezine koyan ve her \u00fcyesini bu bilin\u00e7 do\u011frultusunda sorumluluk sahibi bireyler olarak yeti\u015ftirmeyi hedefleyen bir sistem anlay\u0131\u015f\u0131na dayan\u0131r.<\/h2>\t\t\t\t<\/div>\n\t\t\t\t\t<\/div>\n\t\t\t\t<\/div>\n\t\t\t\t<\/div>\n\t\t","protected":false},"excerpt":{"rendered":"<p>\u0130ttihad-\u0131 Harp Cemiyeti, k\u00f6klerini milletimizin tarih boyunca sergiledi\u011fi birlik, dayan\u0131\u015fma ve ortak m\u00fccadele ruhundan alan; milli \u015fuur, ahlak ve sorumluluk bilinciyle hareket eden bir te\u015fkilatlanma anlay\u0131\u015f\u0131n\u0131 temsil eder. Cemiyet, bireysel de\u011fil ortak akl\u0131 esas alan, disiplini ve d\u00fczeni \u00f6n planda tutan bir kurumsal yap\u0131 ile faaliyet g\u00f6stermeyi ama\u00e7lar. Bu yap\u0131; g\u00fc\u00e7l\u00fc bir organizasyon sistemi, net [&hellip;]<\/p>\n","protected":false},"author":2,"featured_media":0,"parent":0,"menu_order":0,"comment_status":"closed","ping_status":"closed","template":"","meta":{"saved_in_kubio":false,"_angie_page":false,"footnotes":""},"class_list":["post-143","page","type-page","status-publish","hentry"],"kubio_ai_page_context":{"short_desc":"","purpose":"general"},"_links":{"self":[{"href":"https:\/\/ittihadiharp.org\/index.php?rest_route=\/wp\/v2\/pages\/143","targetHints":{"allow":["GET"]}}],"collection":[{"href":"https:\/\/ittihadiharp.org\/index.php?rest_route=\/wp\/v2\/pages"}],"about":[{"href":"https:\/\/ittihadiharp.org\/index.php?rest_route=\/wp\/v2\/types\/page"}],"author":[{"embeddable":true,"href":"https:\/\/ittihadiharp.org\/index.php?rest_route=\/wp\/v2\/users\/2"}],"replies":[{"embeddable":true,"href":"https:\/\/ittihadiharp.org\/index.php?rest_route=%2Fwp%2Fv2%2Fcomments&post=143"}],"version-history":[{"count":9,"href":"https:\/\/ittihadiharp.org\/index.php?rest_route=\/wp\/v2\/pages\/143\/revisions"}],"predecessor-version":[{"id":177,"href":"https:\/\/ittihadiharp.org\/index.php?rest_route=\/wp\/v2\/pages\/143\/revisions\/177"}],"wp:attachment":[{"href":"https:\/\/ittihadiharp.org\/index.php?rest_route=%2Fwp%2Fv2%2Fmedia&parent=143"}],"curies":[{"name":"wp","href":"https:\/\/api.w.org\/{rel}","templated":true}]}}