{"id":146,"date":"2026-04-25T12:02:30","date_gmt":"2026-04-25T12:02:30","guid":{"rendered":"https:\/\/ittihadiharp.org\/?page_id=146"},"modified":"2026-04-25T14:59:42","modified_gmt":"2026-04-25T14:59:42","slug":"harp-akademi","status":"publish","type":"page","link":"https:\/\/ittihadiharp.org\/?page_id=146","title":{"rendered":"Harp Akademi"},"content":{"rendered":"\n<p>\u0130ttihad-\u0131 Harp b\u00fcnyesinde olu\u015fturulan Harp Akademi, milli \u015fuur, disiplin ve bilgi temelli bir geli\u015fim anlay\u0131\u015f\u0131yla, bireyleri zihinsel ve karakter olarak g\u00fc\u00e7l\u00fc yeti\u015ftirmeyi hedefleyen bir e\u011fitim yap\u0131lanmas\u0131d\u0131r. Akademi; yaln\u0131zca teorik bilgi aktaran bir yap\u0131 de\u011fil, ayn\u0131 zamanda sorumluluk bilinci y\u00fcksek, kararl\u0131 ve bilin\u00e7li bireyler yeti\u015ftiren bir okul niteli\u011fi ta\u015f\u0131r.<\/p>\n\n\n\n<p>Harp Akademi\u2019de e\u011fitim; tarih bilinci, stratejik d\u00fc\u015f\u00fcnme, liderlik, disiplin ve toplumsal sorumluluk ilkeleri \u00fczerine kuruludur. Ama\u00e7, ge\u00e7mi\u015ften al\u0131nan derslerle gelece\u011fe y\u00f6n verebilen, olaylar\u0131 analiz edebilen ve gerekti\u011finde do\u011fru kararlar alabilen bir nesil yeti\u015ftirmektir. Bu do\u011frultuda kat\u0131l\u0131mc\u0131lar; hem bireysel geli\u015fimlerini g\u00fc\u00e7lendirir hem de ortak hareket etme k\u00fclt\u00fcr\u00fcn\u00fc benimser.<\/p>\n\n\n\n<p>Akademi sistemi, planl\u0131 e\u011fitim programlar\u0131 ve a\u015famal\u0131 geli\u015fim modeli ile ilerler. Her birey, kendi kapasitesini en \u00fcst seviyeye \u00e7\u0131karacak \u015fekilde y\u00f6nlendirilir ve s\u00fcre\u00e7 boyunca disiplin, sadakat ve sorumluluk gibi temel de\u011ferler \u00f6n planda tutulur.<\/p>\n\n\n\n<p>Harp Akademi; g\u00fcc\u00fcn yaln\u0131zca fiziksel de\u011fil, ayn\u0131 zamanda ak\u0131l, karakter ve birlikten do\u011fdu\u011funu benimseyen bir anlay\u0131\u015fla, gelece\u011fin bilin\u00e7li ve sa\u011flam duru\u015flu bireylerini yeti\u015ftirmeyi ama\u00e7lar.<\/p>\n","protected":false},"excerpt":{"rendered":"<p>\u0130ttihad-\u0131 Harp b\u00fcnyesinde olu\u015fturulan Harp Akademi, milli \u015fuur, disiplin ve bilgi temelli bir geli\u015fim anlay\u0131\u015f\u0131yla, bireyleri zihinsel ve karakter olarak g\u00fc\u00e7l\u00fc yeti\u015ftirmeyi hedefleyen bir e\u011fitim yap\u0131lanmas\u0131d\u0131r. Akademi; yaln\u0131zca teorik bilgi aktaran bir yap\u0131 de\u011fil, ayn\u0131 zamanda sorumluluk bilinci y\u00fcksek, kararl\u0131 ve bilin\u00e7li bireyler yeti\u015ftiren bir okul niteli\u011fi ta\u015f\u0131r. Harp Akademi\u2019de e\u011fitim; tarih bilinci, stratejik d\u00fc\u015f\u00fcnme, [&hellip;]<\/p>\n","protected":false},"author":2,"featured_media":0,"parent":0,"menu_order":0,"comment_status":"closed","ping_status":"closed","template":"","meta":{"saved_in_kubio":false,"_angie_page":false,"footnotes":""},"class_list":["post-146","page","type-page","status-publish","hentry"],"kubio_ai_page_context":{"short_desc":"","purpose":"general"},"_links":{"self":[{"href":"https:\/\/ittihadiharp.org\/index.php?rest_route=\/wp\/v2\/pages\/146","targetHints":{"allow":["GET"]}}],"collection":[{"href":"https:\/\/ittihadiharp.org\/index.php?rest_route=\/wp\/v2\/pages"}],"about":[{"href":"https:\/\/ittihadiharp.org\/index.php?rest_route=\/wp\/v2\/types\/page"}],"author":[{"embeddable":true,"href":"https:\/\/ittihadiharp.org\/index.php?rest_route=\/wp\/v2\/users\/2"}],"replies":[{"embeddable":true,"href":"https:\/\/ittihadiharp.org\/index.php?rest_route=%2Fwp%2Fv2%2Fcomments&post=146"}],"version-history":[{"count":2,"href":"https:\/\/ittihadiharp.org\/index.php?rest_route=\/wp\/v2\/pages\/146\/revisions"}],"predecessor-version":[{"id":178,"href":"https:\/\/ittihadiharp.org\/index.php?rest_route=\/wp\/v2\/pages\/146\/revisions\/178"}],"wp:attachment":[{"href":"https:\/\/ittihadiharp.org\/index.php?rest_route=%2Fwp%2Fv2%2Fmedia&parent=146"}],"curies":[{"name":"wp","href":"https:\/\/api.w.org\/{rel}","templated":true}]}}